{"id":115,"date":"2024-03-06T20:55:47","date_gmt":"2024-03-06T19:55:47","guid":{"rendered":"https:\/\/boutique.annesophiegindroz.com\/?post_type=product&#038;p=115"},"modified":"2025-09-23T06:18:20","modified_gmt":"2025-09-23T04:18:20","slug":"si-pres-la-bas","status":"publish","type":"product","link":"https:\/\/boutique.annesophiegindroz.com\/index.php\/produit\/si-pres-la-bas\/","title":{"rendered":"Si pr\u00e8s l\u00e0-bas"},"content":{"rendered":"<p>Broch\u00e9, cousu, 224 pages, 14 x 21 cm<\/p>\n","protected":false},"excerpt":{"rendered":"<p>\u00ab\u00a0Si pr\u00e8s l\u00e0-bas\u00a0\u00bb rassemble des r\u00e9cits gravitant autour d\u2019une exp\u00e9rience professionnelle et personnelle: responsable de programmes de d\u00e9veloppement, Anne-Sophie Gindroz retrace dans ce livre les lignes de force de son engagement au Mali essentiellement, mais aussi en Chine, en Indon\u00e9sie et au Laos. Au fil des textes qui marquent des va-et-vient entre ces diff\u00e9rents lieux se dessinent tout \u00e0 la fois la r\u00e9alit\u00e9 de l\u2019aide au d\u00e9veloppement sur le terrain et la vie particuli\u00e8re d\u2019une famille multiculturelle qui se construit dans le contact permanent aux autres. M\u00e8re de sept enfants issus de trois continents (Europe, Asie et Afrique), l\u2019auteure vit les questionnements sur l\u2019ici et l\u2019ailleurs de fa\u00e7on particuli\u00e8rement aigu\u00eb.<\/p>\n","protected":false},"featured_media":377,"comment_status":"open","ping_status":"closed","template":"","meta":[],"product_brand":[],"product_cat":[27],"product_tag":[],"class_list":{"0":"post-115","1":"product","2":"type-product","3":"status-publish","4":"has-post-thumbnail","6":"product_cat-recit","8":"first","9":"instock","10":"shipping-taxable","11":"purchasable","12":"product-type-simple"},"yoast_head":"<!-- This site is optimized with the Yoast SEO plugin v27.5 - https:\/\/yoast.com\/product\/yoast-seo-wordpress\/ -->\n<title>Si pr\u00e8s l\u00e0-bas - une exp\u00e9rience de vie et de coop\u00e9ration au Mali<\/title>\n<meta name=\"description\" content=\"R\u00e9cit d&#039;un engagement au Mali qui raconte la r\u00e9alit\u00e9 de l\u2019aide au d\u00e9veloppement et la vie particuli\u00e8re d\u2019une famille multiculturelle\" \/>\n<meta name=\"robots\" content=\"index, follow, max-snippet:-1, max-image-preview:large, max-video-preview:-1\" \/>\n<link rel=\"canonical\" href=\"http:\/\/boutique.annesophiegindroz.com\/index.php\/produit\/si-pres-la-bas\/\" \/>\n<meta property=\"og:locale\" content=\"fr_FR\" \/>\n<meta property=\"og:type\" content=\"article\" \/>\n<meta property=\"og:title\" content=\"Si pr\u00e8s l\u00e0-bas - une exp\u00e9rience de vie et de coop\u00e9ration au Mali\" \/>\n<meta property=\"og:description\" content=\"R\u00e9cit d&#039;un engagement au Mali qui raconte la r\u00e9alit\u00e9 de l\u2019aide au d\u00e9veloppement et la vie particuli\u00e8re d\u2019une famille multiculturelle\" \/>\n<meta property=\"og:url\" content=\"http:\/\/boutique.annesophiegindroz.com\/index.php\/produit\/si-pres-la-bas\/\" \/>\n<meta property=\"article:modified_time\" content=\"2025-09-23T04:18:20+00:00\" \/>\n<meta property=\"og:image\" content=\"http:\/\/boutique.annesophiegindroz.com\/wp-content\/uploads\/2025\/09\/Si-pres-1.png\" \/>\n\t<meta property=\"og:image:width\" content=\"300\" \/>\n\t<meta property=\"og:image:height\" content=\"300\" \/>\n\t<meta property=\"og:image:type\" content=\"image\/png\" \/>\n<meta name=\"twitter:card\" content=\"summary_large_image\" \/>\n<meta name=\"twitter:label1\" content=\"Dur\u00e9e de lecture estim\u00e9e\" \/>\n\t<meta name=\"twitter:data1\" content=\"1 minute\" \/>\n<script type=\"application\/ld+json\" class=\"yoast-schema-graph\">{\"@context\":\"https:\\\/\\\/schema.org\",\"@graph\":[{\"@type\":\"WebPage\",\"@id\":\"http:\\\/\\\/boutique.annesophiegindroz.com\\\/index.php\\\/produit\\\/si-pres-la-bas\\\/\",\"url\":\"http:\\\/\\\/boutique.annesophiegindroz.com\\\/index.php\\\/produit\\\/si-pres-la-bas\\\/\",\"name\":\"Si pr\u00e8s l\u00e0-bas - une exp\u00e9rience de vie et de coop\u00e9ration au Mali\",\"isPartOf\":{\"@id\":\"https:\\\/\\\/boutique.annesophiegindroz.com\\\/#website\"},\"primaryImageOfPage\":{\"@id\":\"http:\\\/\\\/boutique.annesophiegindroz.com\\\/index.php\\\/produit\\\/si-pres-la-bas\\\/#primaryimage\"},\"image\":{\"@id\":\"http:\\\/\\\/boutique.annesophiegindroz.com\\\/index.php\\\/produit\\\/si-pres-la-bas\\\/#primaryimage\"},\"thumbnailUrl\":\"https:\\\/\\\/boutique.annesophiegindroz.com\\\/wp-content\\\/uploads\\\/2025\\\/09\\\/Si-pres-1.png\",\"datePublished\":\"2024-03-06T19:55:47+00:00\",\"dateModified\":\"2025-09-23T04:18:20+00:00\",\"description\":\"R\u00e9cit d'un engagement au Mali qui raconte la r\u00e9alit\u00e9 de l\u2019aide au d\u00e9veloppement et la vie particuli\u00e8re d\u2019une famille multiculturelle\",\"breadcrumb\":{\"@id\":\"http:\\\/\\\/boutique.annesophiegindroz.com\\\/index.php\\\/produit\\\/si-pres-la-bas\\\/#breadcrumb\"},\"inLanguage\":\"fr-FR\",\"potentialAction\":[{\"@type\":\"ReadAction\",\"target\":[\"http:\\\/\\\/boutique.annesophiegindroz.com\\\/index.php\\\/produit\\\/si-pres-la-bas\\\/\"]}]},{\"@type\":\"ImageObject\",\"inLanguage\":\"fr-FR\",\"@id\":\"http:\\\/\\\/boutique.annesophiegindroz.com\\\/index.php\\\/produit\\\/si-pres-la-bas\\\/#primaryimage\",\"url\":\"https:\\\/\\\/boutique.annesophiegindroz.com\\\/wp-content\\\/uploads\\\/2025\\\/09\\\/Si-pres-1.png\",\"contentUrl\":\"https:\\\/\\\/boutique.annesophiegindroz.com\\\/wp-content\\\/uploads\\\/2025\\\/09\\\/Si-pres-1.png\",\"width\":300,\"height\":300},{\"@type\":\"BreadcrumbList\",\"@id\":\"http:\\\/\\\/boutique.annesophiegindroz.com\\\/index.php\\\/produit\\\/si-pres-la-bas\\\/#breadcrumb\",\"itemListElement\":[{\"@type\":\"ListItem\",\"position\":1,\"name\":\"Accueil\",\"item\":\"https:\\\/\\\/boutique.annesophiegindroz.com\\\/\"},{\"@type\":\"ListItem\",\"position\":2,\"name\":\"Boutique France\",\"item\":\"https:\\\/\\\/boutique.annesophiegindroz.com\\\/\"},{\"@type\":\"ListItem\",\"position\":3,\"name\":\"Si pr\u00e8s l\u00e0-bas\"}]},{\"@type\":\"WebSite\",\"@id\":\"https:\\\/\\\/boutique.annesophiegindroz.com\\\/#website\",\"url\":\"https:\\\/\\\/boutique.annesophiegindroz.com\\\/\",\"name\":\"\",\"description\":\"\",\"publisher\":{\"@id\":\"https:\\\/\\\/boutique.annesophiegindroz.com\\\/#organization\"},\"potentialAction\":[{\"@type\":\"SearchAction\",\"target\":{\"@type\":\"EntryPoint\",\"urlTemplate\":\"https:\\\/\\\/boutique.annesophiegindroz.com\\\/?s={search_term_string}\"},\"query-input\":{\"@type\":\"PropertyValueSpecification\",\"valueRequired\":true,\"valueName\":\"search_term_string\"}}],\"inLanguage\":\"fr-FR\"},{\"@type\":\"Organization\",\"@id\":\"https:\\\/\\\/boutique.annesophiegindroz.com\\\/#organization\",\"name\":\"La Boutique d'Anne Sophie Gindroz\",\"alternateName\":\"La Boutique\",\"url\":\"https:\\\/\\\/boutique.annesophiegindroz.com\\\/\",\"logo\":{\"@type\":\"ImageObject\",\"inLanguage\":\"fr-FR\",\"@id\":\"https:\\\/\\\/boutique.annesophiegindroz.com\\\/#\\\/schema\\\/logo\\\/image\\\/\",\"url\":\"https:\\\/\\\/boutique.annesophiegindroz.com\\\/wp-content\\\/uploads\\\/2024\\\/03\\\/Screen-Shot-2024-03-07-at-02.56.17.png\",\"contentUrl\":\"https:\\\/\\\/boutique.annesophiegindroz.com\\\/wp-content\\\/uploads\\\/2024\\\/03\\\/Screen-Shot-2024-03-07-at-02.56.17.png\",\"width\":241,\"height\":116,\"caption\":\"La Boutique d'Anne Sophie Gindroz\"},\"image\":{\"@id\":\"https:\\\/\\\/boutique.annesophiegindroz.com\\\/#\\\/schema\\\/logo\\\/image\\\/\"}}]}<\/script>\n<!-- \/ Yoast SEO plugin. -->","yoast_head_json":{"title":"Si pr\u00e8s l\u00e0-bas - une exp\u00e9rience de vie et de coop\u00e9ration au Mali","description":"R\u00e9cit d'un engagement au Mali qui raconte la r\u00e9alit\u00e9 de l\u2019aide au d\u00e9veloppement et la vie particuli\u00e8re d\u2019une famille multiculturelle","robots":{"index":"index","follow":"follow","max-snippet":"max-snippet:-1","max-image-preview":"max-image-preview:large","max-video-preview":"max-video-preview:-1"},"canonical":"http:\/\/boutique.annesophiegindroz.com\/index.php\/produit\/si-pres-la-bas\/","og_locale":"fr_FR","og_type":"article","og_title":"Si pr\u00e8s l\u00e0-bas - une exp\u00e9rience de vie et de coop\u00e9ration au Mali","og_description":"R\u00e9cit d'un engagement au Mali qui raconte la r\u00e9alit\u00e9 de l\u2019aide au d\u00e9veloppement et la vie particuli\u00e8re d\u2019une famille multiculturelle","og_url":"http:\/\/boutique.annesophiegindroz.com\/index.php\/produit\/si-pres-la-bas\/","article_modified_time":"2025-09-23T04:18:20+00:00","og_image":[{"width":300,"height":300,"url":"http:\/\/boutique.annesophiegindroz.com\/wp-content\/uploads\/2025\/09\/Si-pres-1.png","type":"image\/png"}],"twitter_card":"summary_large_image","twitter_misc":{"Dur\u00e9e de lecture estim\u00e9e":"1 minute"},"schema":{"@context":"https:\/\/schema.org","@graph":[{"@type":"WebPage","@id":"http:\/\/boutique.annesophiegindroz.com\/index.php\/produit\/si-pres-la-bas\/","url":"http:\/\/boutique.annesophiegindroz.com\/index.php\/produit\/si-pres-la-bas\/","name":"Si pr\u00e8s l\u00e0-bas - une exp\u00e9rience de vie et de coop\u00e9ration au Mali","isPartOf":{"@id":"https:\/\/boutique.annesophiegindroz.com\/#website"},"primaryImageOfPage":{"@id":"http:\/\/boutique.annesophiegindroz.com\/index.php\/produit\/si-pres-la-bas\/#primaryimage"},"image":{"@id":"http:\/\/boutique.annesophiegindroz.com\/index.php\/produit\/si-pres-la-bas\/#primaryimage"},"thumbnailUrl":"https:\/\/boutique.annesophiegindroz.com\/wp-content\/uploads\/2025\/09\/Si-pres-1.png","datePublished":"2024-03-06T19:55:47+00:00","dateModified":"2025-09-23T04:18:20+00:00","description":"R\u00e9cit d'un engagement au Mali qui raconte la r\u00e9alit\u00e9 de l\u2019aide au d\u00e9veloppement et la vie particuli\u00e8re d\u2019une famille multiculturelle","breadcrumb":{"@id":"http:\/\/boutique.annesophiegindroz.com\/index.php\/produit\/si-pres-la-bas\/#breadcrumb"},"inLanguage":"fr-FR","potentialAction":[{"@type":"ReadAction","target":["http:\/\/boutique.annesophiegindroz.com\/index.php\/produit\/si-pres-la-bas\/"]}]},{"@type":"ImageObject","inLanguage":"fr-FR","@id":"http:\/\/boutique.annesophiegindroz.com\/index.php\/produit\/si-pres-la-bas\/#primaryimage","url":"https:\/\/boutique.annesophiegindroz.com\/wp-content\/uploads\/2025\/09\/Si-pres-1.png","contentUrl":"https:\/\/boutique.annesophiegindroz.com\/wp-content\/uploads\/2025\/09\/Si-pres-1.png","width":300,"height":300},{"@type":"BreadcrumbList","@id":"http:\/\/boutique.annesophiegindroz.com\/index.php\/produit\/si-pres-la-bas\/#breadcrumb","itemListElement":[{"@type":"ListItem","position":1,"name":"Accueil","item":"https:\/\/boutique.annesophiegindroz.com\/"},{"@type":"ListItem","position":2,"name":"Boutique France","item":"https:\/\/boutique.annesophiegindroz.com\/"},{"@type":"ListItem","position":3,"name":"Si pr\u00e8s l\u00e0-bas"}]},{"@type":"WebSite","@id":"https:\/\/boutique.annesophiegindroz.com\/#website","url":"https:\/\/boutique.annesophiegindroz.com\/","name":"","description":"","publisher":{"@id":"https:\/\/boutique.annesophiegindroz.com\/#organization"},"potentialAction":[{"@type":"SearchAction","target":{"@type":"EntryPoint","urlTemplate":"https:\/\/boutique.annesophiegindroz.com\/?s={search_term_string}"},"query-input":{"@type":"PropertyValueSpecification","valueRequired":true,"valueName":"search_term_string"}}],"inLanguage":"fr-FR"},{"@type":"Organization","@id":"https:\/\/boutique.annesophiegindroz.com\/#organization","name":"La Boutique d'Anne Sophie Gindroz","alternateName":"La Boutique","url":"https:\/\/boutique.annesophiegindroz.com\/","logo":{"@type":"ImageObject","inLanguage":"fr-FR","@id":"https:\/\/boutique.annesophiegindroz.com\/#\/schema\/logo\/image\/","url":"https:\/\/boutique.annesophiegindroz.com\/wp-content\/uploads\/2024\/03\/Screen-Shot-2024-03-07-at-02.56.17.png","contentUrl":"https:\/\/boutique.annesophiegindroz.com\/wp-content\/uploads\/2024\/03\/Screen-Shot-2024-03-07-at-02.56.17.png","width":241,"height":116,"caption":"La Boutique d'Anne Sophie Gindroz"},"image":{"@id":"https:\/\/boutique.annesophiegindroz.com\/#\/schema\/logo\/image\/"}}]}},"_links":{"self":[{"href":"https:\/\/boutique.annesophiegindroz.com\/index.php\/wp-json\/wp\/v2\/product\/115","targetHints":{"allow":["GET"]}}],"collection":[{"href":"https:\/\/boutique.annesophiegindroz.com\/index.php\/wp-json\/wp\/v2\/product"}],"about":[{"href":"https:\/\/boutique.annesophiegindroz.com\/index.php\/wp-json\/wp\/v2\/types\/product"}],"replies":[{"embeddable":true,"href":"https:\/\/boutique.annesophiegindroz.com\/index.php\/wp-json\/wp\/v2\/comments?post=115"}],"wp:featuredmedia":[{"embeddable":true,"href":"https:\/\/boutique.annesophiegindroz.com\/index.php\/wp-json\/wp\/v2\/media\/377"}],"wp:attachment":[{"href":"https:\/\/boutique.annesophiegindroz.com\/index.php\/wp-json\/wp\/v2\/media?parent=115"}],"wp:term":[{"taxonomy":"product_brand","embeddable":true,"href":"https:\/\/boutique.annesophiegindroz.com\/index.php\/wp-json\/wp\/v2\/product_brand?post=115"},{"taxonomy":"product_cat","embeddable":true,"href":"https:\/\/boutique.annesophiegindroz.com\/index.php\/wp-json\/wp\/v2\/product_cat?post=115"},{"taxonomy":"product_tag","embeddable":true,"href":"https:\/\/boutique.annesophiegindroz.com\/index.php\/wp-json\/wp\/v2\/product_tag?post=115"}],"curies":[{"name":"wp","href":"https:\/\/api.w.org\/{rel}","templated":true}]}}